{"id":707,"date":"2025-10-13T11:42:02","date_gmt":"2025-10-13T09:42:02","guid":{"rendered":"https:\/\/www.ostfriesische-gesellschaft.de\/?page_id=707"},"modified":"2026-02-23T12:08:52","modified_gmt":"2026-02-23T10:08:52","slug":"podcast","status":"publish","type":"page","link":"https:\/\/www.ostfriesische-gesellschaft.de\/?page_id=707","title":{"rendered":"Podcast: Kluntje &amp; Krisen"},"content":{"rendered":"\n<p><strong>Kluntje &amp; Krisen &#8211; Zwischen Teilhabe und Therapie mit Ostfriesen<\/strong><\/p>\n\n\n\n<h4 class=\"wp-block-heading\"><mark style=\"background-color:rgba(0, 0, 0, 0);color:#006699\" class=\"has-inline-color\">Der Podcast der <strong>Ostfriesischen Gesellschaft f\u00fcr psychische und soziale Gesundheit gGmbH.<\/strong><\/mark><\/h4>\n\n\n\n<p><\/p>\n\n\n\n<div class=\"wp-block-columns is-layout-flex wp-container-core-columns-is-layout-1 wp-block-columns-is-layout-flex\">\n<div class=\"wp-block-column is-layout-flow wp-block-column-is-layout-flow\" style=\"flex-basis:33.33%\">\n<figure class=\"wp-block-image size-large\"><img loading=\"lazy\" decoding=\"async\" width=\"1024\" height=\"1024\" src=\"https:\/\/www.ostfriesische-gesellschaft.de\/wp-content\/uploads\/2026\/02\/Kluntje-Krisen-1024x1024.png\" alt=\"\" class=\"wp-image-822\" srcset=\"https:\/\/www.ostfriesische-gesellschaft.de\/wp-content\/uploads\/2026\/02\/Kluntje-Krisen-1024x1024.png 1024w, https:\/\/www.ostfriesische-gesellschaft.de\/wp-content\/uploads\/2026\/02\/Kluntje-Krisen-300x300.png 300w, https:\/\/www.ostfriesische-gesellschaft.de\/wp-content\/uploads\/2026\/02\/Kluntje-Krisen-150x150.png 150w, https:\/\/www.ostfriesische-gesellschaft.de\/wp-content\/uploads\/2026\/02\/Kluntje-Krisen-768x768.png 768w, https:\/\/www.ostfriesische-gesellschaft.de\/wp-content\/uploads\/2026\/02\/Kluntje-Krisen-1000x1000.png 1000w, https:\/\/www.ostfriesische-gesellschaft.de\/wp-content\/uploads\/2026\/02\/Kluntje-Krisen.png 1200w\" sizes=\"(max-width: 1024px) 100vw, 1024px\" \/><\/figure>\n<\/div>\n\n\n\n<div class=\"wp-block-column is-layout-flow wp-block-column-is-layout-flow\" style=\"flex-basis:66.66%\">\n<p>Der Podcast <strong>\u201eKluntje &amp; Krisen\u201c<\/strong> ist ein Informations- und Gespr\u00e4chsformat der Ostfriesischen Gesellschaft f\u00fcr psychische und soziale Gesundheit gGmbH. Ziel ist es, Themen rund um psychische und soziale Gesundheit verst\u00e4ndlich, fachlich fundiert und mit regionalem Bezug zu Ostfriesland aufzubereiten.<br>In moderierten Gespr\u00e4chen, Interviews und Erfahrungsberichten werden unterschiedliche Perspektiven aus Praxis, Versorgung, Wissenschaft und pers\u00f6nlichem Erleben zusammengef\u00fchrt. Der Podcast bietet Einblicke in die Arbeit der Gesellschaft, informiert \u00fcber Unterst\u00fctzungsangebote und greift aktuelle Fragestellungen aus dem psychosozialen Bereich auf.<\/p>\n<\/div>\n<\/div>\n\n\n\n<p><\/p>\n\n\n\n<p><strong>Rubriken des Podcasts<\/strong><\/p>\n\n\n\n<ul>\n<li><strong>Offen Gesagt<\/strong> &#8211; Vorstellung der Einrichtung mit ihren Standorten und Fachbereichen. Mitarbeitende berichten \u00fcber ihre T\u00e4tigkeitsfelder, Arbeitsans\u00e4tze und Erfahrungen aus der Praxis.<\/li>\n\n\n\n<li><strong>Ohne Grenzen<\/strong> &#8211; Interviews mit Netzwerkpartner<em>innen, darunter Fach\u00e4rzt<\/em>innen, Psychotherapeut<em>innen, Vertreter<\/em>innen des Sozialpsychiatrischen Dienstes sowie weiteren Institutionen und Akteur*innen im psychosozialen Hilfesystem.<\/li>\n\n\n\n<li><strong>sOGenannt krank<\/strong> &#8211; Aufkl\u00e4rung \u00fcber psychische Erkrankungen, diagnostische Hintergr\u00fcnde sowie \u00fcber verbreitete Vorurteile und gesellschaftliche Zuschreibungen.<\/li>\n\n\n\n<li><strong>Ostfriesen Gefl\u00fcster<\/strong> &#8211; Erfahrungsberichte von Betroffenen, die \u00fcber ihren pers\u00f6nlichen Umgang mit psychischen Erkrankungen sprechen und damit zur Entstigmatisierung beitragen.<\/li>\n\n\n\n<li><strong>Ohne Garantie<\/strong> &#8211; Vorstellung von Strategien, Methoden und alltagsnahen Impulsen, die im Umgang mit psychischen Belastungen unterst\u00fctzen k\u00f6nnen.<\/li>\n\n\n\n<li><strong>dialOG &#8211; <\/strong>Einordnung aktueller Entwicklungen im Gesundheitswesen, Diskussion von Herausforderungen in der Versorgung sowie Ausblick auf zuk\u00fcnftige Perspektiven.<\/li>\n\n\n\n<li><strong>prOGramm <\/strong>&#8211; Raum f\u00fcr vielf\u00e4ltige Themen: eingereichte Fragen, besondere Anliegen, Achtsamkeits\u00fcbungen und weitere aktuelle Aspekte rund um psychische Gesundheit.<\/li>\n<\/ul>\n\n\n\n<p>Der Podcast richtet sich an Menschen mit eigenen Erfahrungen im Bereich psychischer Gesundheit, an Angeh\u00f6rige, Fachkr\u00e4fte sowie an alle Interessierten, die sich \u00fcber psychosoziale Themen informieren m\u00f6chten.<\/p>\n\n\n\n<p><strong>Weitere Informationen sowie der direkte Zugang zu den Folgen:<\/strong><\/p>\n\n\n\n<iframe loading=\"lazy\" src=\"https:\/\/player.rss.com\/kluntje-und-krisen\/?theme=light&#038;v=2\" title=\"Kluntje &#038; Krisen\" width=\"100%\" height=\"393px\" frameborder=\"0\" allow=\"accelerometer; autoplay; clipboard-write; encrypted-media; gyroscope; picture-in-picture\" allowfullscreen scrolling=\"no\"><a href=\"https:\/\/rss.com\/podcasts\/kluntje-und-krisen\/\">Kluntje &#038; Krisen<\/a><\/iframe>\n","protected":false},"excerpt":{"rendered":"<p>Kluntje &amp; Krisen &#8211; Zwischen Teilhabe und Therapie mit Ostfriesen Der Podcast der Ostfriesischen Gesellschaft f\u00fcr psychische und soziale Gesundheit gGmbH. Der Podcast \u201eKluntje &amp; Krisen\u201c ist ein Informations- und Gespr\u00e4chsformat der Ostfriesischen Gesellschaft f\u00fcr psychische und soziale Gesundheit gGmbH&#8230;. <a class=\"read-more-button\" href=\"https:\/\/www.ostfriesische-gesellschaft.de\/?page_id=707\">Mehr lesen &gt;<\/a><\/p>\n","protected":false},"author":1,"featured_media":0,"parent":0,"menu_order":0,"comment_status":"closed","ping_status":"closed","template":"","meta":{"footnotes":""},"_links":{"self":[{"href":"https:\/\/www.ostfriesische-gesellschaft.de\/index.php?rest_route=\/wp\/v2\/pages\/707"}],"collection":[{"href":"https:\/\/www.ostfriesische-gesellschaft.de\/index.php?rest_route=\/wp\/v2\/pages"}],"about":[{"href":"https:\/\/www.ostfriesische-gesellschaft.de\/index.php?rest_route=\/wp\/v2\/types\/page"}],"author":[{"embeddable":true,"href":"https:\/\/www.ostfriesische-gesellschaft.de\/index.php?rest_route=\/wp\/v2\/users\/1"}],"replies":[{"embeddable":true,"href":"https:\/\/www.ostfriesische-gesellschaft.de\/index.php?rest_route=%2Fwp%2Fv2%2Fcomments&post=707"}],"version-history":[{"count":31,"href":"https:\/\/www.ostfriesische-gesellschaft.de\/index.php?rest_route=\/wp\/v2\/pages\/707\/revisions"}],"predecessor-version":[{"id":857,"href":"https:\/\/www.ostfriesische-gesellschaft.de\/index.php?rest_route=\/wp\/v2\/pages\/707\/revisions\/857"}],"wp:attachment":[{"href":"https:\/\/www.ostfriesische-gesellschaft.de\/index.php?rest_route=%2Fwp%2Fv2%2Fmedia&parent=707"}],"curies":[{"name":"wp","href":"https:\/\/api.w.org\/{rel}","templated":true}]}}