{"id":41,"date":"2014-06-17T12:08:08","date_gmt":"2014-06-17T10:08:08","guid":{"rendered":"http:\/\/neu.ostfriesische-gesellschaft.de\/?page_id=41"},"modified":"2024-11-05T11:43:55","modified_gmt":"2024-11-05T09:43:55","slug":"ergotherapie","status":"publish","type":"page","link":"https:\/\/www.ostfriesische-gesellschaft.de\/?page_id=41","title":{"rendered":"Ergotherapie"},"content":{"rendered":"<p><strong>Sie m\u00f6chten eigene Ressourcen entdecken und mobilisieren?<\/strong><\/p>\n<p><strong><span style=\"color: #006699;\" data-darkreader-inline-color=\"\"><span style=\"font-size: 16px;\">Wir bieten individuelle und flexible Unterst\u00fctzung<\/span><\/span><\/strong><\/p>\n<p><strong>Sie sind starken psychischen Belastungen ausgesetzt, Sie m\u00f6chten Entlastung und suchen neue Wege?<\/strong><br \/>Wir bieten Ihnen verschiedene Methoden, um das innere Gleichgewicht wiederzufinden.<\/p>\n<p><strong>Sie m\u00f6chten eigene Ressourcen entdecken und mobilisieren?<\/strong><br \/>Wir beraten Sie ganzheitlich und erstellen mit Ihnen einen individuellen Behandlungsplan.<\/p>\n<p><strong>Sie m\u00f6chten neue Handlungsmuster ein\u00fcben?<\/strong><br \/>Wir begleiten Sie bei Ihren Aktivit\u00e4ten und reflektieren gemeinsam.<\/p>\n<p>Mit uns k\u00f6nnen Sie handwerklich und gestalterisch t\u00e4tig werden .<br \/>Wir stellen Ihnen die unterschiedlichsten Medien zur Verf\u00fcgung.<br \/>Ergotherapie ist ein anerkanntes Heilmittel und somit eine Leistung der Krankenkassen.<br \/>Eine Verordnung stellt der Haus- oder Facharzt bzw. eine psychiatrische Institutsambulanz aus.<br \/>Sie k\u00f6nnen unsere Praxisr\u00e4ume aufsuchen in Gruppen- oder Einzeltherapie arbeiten oder<br \/>von uns in Ihrem h\u00e4uslichen Umfeld versorgt werden.<\/p>\n<hr \/>\n<p style=\"font-size: 13px;\"><span style=\"color: #006699;\" data-darkreader-inline-color=\"\">Ergotherapiepraxis Aurich<\/span><\/p>\n<p style=\"font-size: 13px;\"><strong>Leitung<\/strong> Hilda Gruben<br \/>Burgstra\u00dfe 19<br \/>26603 Aurich<br \/><strong>Telefon<\/strong>\u00a004941 &#8211; 60 47 270<br \/><strong>Fax<\/strong>\u00a0 \u00a0 \u00a0 \u00a004941 &#8211; 60 47 271<\/p>\n<hr style=\"font-size: 13px;\" \/>\n<p style=\"font-size: 13px;\"><span style=\"color: #006699;\" data-darkreader-inline-color=\"\">Ergotherapiepraxis Norden<\/span><\/p>\n<p style=\"font-size: 13px;\"><strong>Leitung<\/strong> Matthias Jungenkr\u00fcger<br \/>Bahnhofstra\u00dfe 14<br \/>26506 Norden<br \/><strong>Telefon<\/strong>\u00a004931 &#8211; 98 39 755<br \/><strong>Fax<\/strong>\u00a0 \u00a0 \u00a0 \u00a004931 &#8211; 97 33 22<\/p>\n<hr style=\"font-size: 13px;\" \/>\n<p style=\"font-size: 13px;\"><span style=\"color: #006699;\" data-darkreader-inline-color=\"\">Ergotherapiepraxis Leer<\/span><\/p>\n<p style=\"font-size: 13px;\"><strong>Leitung<\/strong> Michael Busemann<br \/>M\u00fchlenstra\u00dfe 7<br \/>26789 Leer<br \/><strong style=\"line-height: 1.6em;\">Telefon<\/strong><span style=\"line-height: 1.6em;\">\u00a00491 &#8211; 99 75 63 85<\/span><br \/><strong style=\"line-height: 1.6em;\">Fax<\/strong><span style=\"line-height: 1.6em;\">\u00a0 \u00a0 \u00a0 \u00a00491 &#8211; 99 75 63 86<\/span><\/p>\n<hr \/>\n<h3>Kontaktformular<\/h3>\n<p>\u27a8 <a href=\"https:\/\/www.ostfriesische-gesellschaft.de\/?page_id=57\">Hier gehts zum Kontaktformular<\/a>!<\/p>\n\n\n<p><\/p>\n","protected":false},"excerpt":{"rendered":"<p>Sie m\u00f6chten eigene Ressourcen entdecken und mobilisieren? Wir bieten individuelle und flexible Unterst\u00fctzung Sie sind starken psychischen Belastungen ausgesetzt, Sie m\u00f6chten Entlastung und suchen neue Wege?Wir bieten Ihnen verschiedene Methoden, um das innere Gleichgewicht wiederzufinden. Sie m\u00f6chten eigene Ressourcen entdecken&#8230; <a class=\"read-more-button\" href=\"https:\/\/www.ostfriesische-gesellschaft.de\/?page_id=41\">Mehr lesen &gt;<\/a><\/p>\n","protected":false},"author":1,"featured_media":0,"parent":0,"menu_order":0,"comment_status":"closed","ping_status":"closed","template":"template-without-comments.php","meta":{"footnotes":""},"_links":{"self":[{"href":"https:\/\/www.ostfriesische-gesellschaft.de\/index.php?rest_route=\/wp\/v2\/pages\/41"}],"collection":[{"href":"https:\/\/www.ostfriesische-gesellschaft.de\/index.php?rest_route=\/wp\/v2\/pages"}],"about":[{"href":"https:\/\/www.ostfriesische-gesellschaft.de\/index.php?rest_route=\/wp\/v2\/types\/page"}],"author":[{"embeddable":true,"href":"https:\/\/www.ostfriesische-gesellschaft.de\/index.php?rest_route=\/wp\/v2\/users\/1"}],"replies":[{"embeddable":true,"href":"https:\/\/www.ostfriesische-gesellschaft.de\/index.php?rest_route=%2Fwp%2Fv2%2Fcomments&post=41"}],"version-history":[{"count":12,"href":"https:\/\/www.ostfriesische-gesellschaft.de\/index.php?rest_route=\/wp\/v2\/pages\/41\/revisions"}],"predecessor-version":[{"id":674,"href":"https:\/\/www.ostfriesische-gesellschaft.de\/index.php?rest_route=\/wp\/v2\/pages\/41\/revisions\/674"}],"wp:attachment":[{"href":"https:\/\/www.ostfriesische-gesellschaft.de\/index.php?rest_route=%2Fwp%2Fv2%2Fmedia&parent=41"}],"curies":[{"name":"wp","href":"https:\/\/api.w.org\/{rel}","templated":true}]}}