{"id":179,"date":"2014-06-24T14:41:58","date_gmt":"2014-06-24T12:41:58","guid":{"rendered":"http:\/\/neu.ostfriesische-gesellschaft.de\/?page_id=179"},"modified":"2026-01-16T09:19:48","modified_gmt":"2026-01-16T07:19:48","slug":"backwerkstatt","status":"publish","type":"page","link":"https:\/\/www.ostfriesische-gesellschaft.de\/?page_id=179","title":{"rendered":"Backwerkstatt"},"content":{"rendered":"<p style=\"font-size: 13px;\"><strong>Arbeit und Besch\u00e4ftigung kommt in unserer Gesellschaft wesentliche Bedeutung zu.<\/strong><\/p>\n<p style=\"font-size: 13px;\"><strong><span style=\"font-size: 16px;\"><span style=\"color: #006699;\">Eine Arbeit \/ Besch\u00e4ftigung wirkt sich positiv auf die psychische und k\u00f6rperliche Gesundheit aus.<\/span><\/span><\/strong><\/p>\n<p style=\"font-size: 13px;\">Daher ist die Backwerkstatt ein flexibles, besch\u00e4ftigungsorientiertes Angebot f\u00fcr Menschen mit Behinderung und Besch\u00e4ftigungswunsch.<\/p>\n<p style=\"font-size: 13px;\">Die Backwerkstatt<\/p>\n<p style=\"font-size: 13px;\">&#8211; vermittelt Tagesstruktur durch individuelle, besch\u00e4ftigungsorientierte Angebote<br \/>\n&#8211; bereitet auf einen Wiedereinstieg in das Berufsleben vor<br \/>\n&#8211; stellt eine Alternative zur Besch\u00e4ftigung in einer Werkstatt f\u00fcr behinderte dar<br \/>\n&#8211; bietet Menschen die M\u00f6glichkeit sich im Rahmen einer Besch\u00e4ftigung &#8222;auszuprobieren&#8220;<\/p>\n<p style=\"font-size: 13px;\">Das Angebot der Backwerkstatt wird individuell auf die Bed\u00fcrfnisse des Einzelnen abgestimmt. Wir arbeiten auf Grundlage der Sozialgesetzb\u00fccher II und III (Teilhabe am Arbeitsleben), IX (Pers\u00f6nliches Budget) und XII (Eingliederungshilfe). F\u00fcr eine individuelle Beratung vereinbaren Sie bitte einen Termin.<\/p>\n<hr \/>\n<p style=\"font-size: 13px;\"><span style=\"color: #006699;\">Backwerkstatt Norden<\/span><\/p>\n<p style=\"font-size: 13px;\"><strong>Leitung<\/strong> Marco Wagner<br \/>\nRheinstra\u00dfe 13<br \/>\n26506 Norden<br \/>\n<strong style=\"line-height: 1.6em;\">Telefon<\/strong><span style=\"line-height: 1.6em;\">\u00a0 04931 &#8211; 98 34 915<\/span><br \/>\n<strong style=\"line-height: 1.6em;\">Fax<\/strong><span style=\"line-height: 1.6em;\">\u00a0 \u00a0 \u00a0 \u00a0 04931 &#8211; 98 34 920<\/span><\/p>\n<hr \/>\n<h3>Kontaktformular<\/h3>\n<p>\u27a8 <a href=\"https:\/\/www.ostfriesische-gesellschaft.de\/?page_id=57\">Hier gehts zum Kontaktformular<\/a>!<\/p>\n","protected":false},"excerpt":{"rendered":"<p>Arbeit und Besch\u00e4ftigung kommt in unserer Gesellschaft wesentliche Bedeutung zu. Eine Arbeit \/ Besch\u00e4ftigung wirkt sich positiv auf die psychische und k\u00f6rperliche Gesundheit aus. Daher ist die Backwerkstatt ein flexibles, besch\u00e4ftigungsorientiertes Angebot f\u00fcr Menschen mit Behinderung und Besch\u00e4ftigungswunsch. Die Backwerkstatt&#8230; <a class=\"read-more-button\" href=\"https:\/\/www.ostfriesische-gesellschaft.de\/?page_id=179\">Mehr lesen &gt;<\/a><\/p>\n","protected":false},"author":1,"featured_media":0,"parent":0,"menu_order":0,"comment_status":"closed","ping_status":"closed","template":"template-without-comments.php","meta":{"footnotes":""},"_links":{"self":[{"href":"https:\/\/www.ostfriesische-gesellschaft.de\/index.php?rest_route=\/wp\/v2\/pages\/179"}],"collection":[{"href":"https:\/\/www.ostfriesische-gesellschaft.de\/index.php?rest_route=\/wp\/v2\/pages"}],"about":[{"href":"https:\/\/www.ostfriesische-gesellschaft.de\/index.php?rest_route=\/wp\/v2\/types\/page"}],"author":[{"embeddable":true,"href":"https:\/\/www.ostfriesische-gesellschaft.de\/index.php?rest_route=\/wp\/v2\/users\/1"}],"replies":[{"embeddable":true,"href":"https:\/\/www.ostfriesische-gesellschaft.de\/index.php?rest_route=%2Fwp%2Fv2%2Fcomments&post=179"}],"version-history":[{"count":15,"href":"https:\/\/www.ostfriesische-gesellschaft.de\/index.php?rest_route=\/wp\/v2\/pages\/179\/revisions"}],"predecessor-version":[{"id":734,"href":"https:\/\/www.ostfriesische-gesellschaft.de\/index.php?rest_route=\/wp\/v2\/pages\/179\/revisions\/734"}],"wp:attachment":[{"href":"https:\/\/www.ostfriesische-gesellschaft.de\/index.php?rest_route=%2Fwp%2Fv2%2Fmedia&parent=179"}],"curies":[{"name":"wp","href":"https:\/\/api.w.org\/{rel}","templated":true}]}}