{"id":14,"date":"2014-06-17T11:00:45","date_gmt":"2014-06-17T09:00:45","guid":{"rendered":"http:\/\/neu.ostfriesische-gesellschaft.de\/?page_id=14"},"modified":"2025-10-08T16:30:34","modified_gmt":"2025-10-08T14:30:34","slug":"tagesstaetten-2","status":"publish","type":"page","link":"https:\/\/www.ostfriesische-gesellschaft.de\/?page_id=14","title":{"rendered":"Tagesst\u00e4tte CMA \/ AT CMA"},"content":{"rendered":"<p><strong>Die Tagesst\u00e4tte bietet einen festen Wochenablauf mit differenzierten Einzel- und Gruppenangeboten, die die individuellen Bed\u00fcrfnisse der Teilnehmer ber\u00fccksichtigen.<\/strong><\/p>\n<p><span style=\"font-size: 16px;\"><span style=\"color: #006699;\"><strong>Lebenspraktische Hilfen und soziale Rehabilitation f\u00fcr Menschen mit einer chronischen Abh\u00e4ngigkeitserkrankung<\/strong><\/span><\/span><\/p>\n<p>Die Angebote unserer Tagesst\u00e4tte und der ambulanten Teilhabeleistung richten sich an Menschen, die durch eine jahrelang bestehende Suchterkrankung in soziale Schwierigkeiten geraten sind. Unsere Hilfe setzt da ein, wo kein pers\u00f6nliches soziales Netz mehr vorhanden ist, wo eine Berufst\u00e4tigkeit oder Besch\u00e4ftigung nicht mehr m\u00f6glich ist und wo Tagesstruktur und regelm\u00e4\u00dfige Mahlzeiten fehlen.<br \/>Die Tagesst\u00e4tte bietet einen festen Wochenablauf mit differenzierten Einzel- und Gruppenangeboten, die die individuellen Bed\u00fcrfnisse der Teilnehmer ber\u00fccksichtigen. Zum Angebot geh\u00f6ren dar\u00fcber hinaus ein gemeinsam zubereitetes Fr\u00fchst\u00fcck bzw. Mittagessen sowie ein t\u00e4glicher Fahrdienst.<br \/>Die ambulante Teilhabeleistung unterst\u00fctzt im eigenen Wohnumfeld sodass die eigenst\u00e4ndige Lebensf\u00fchrung verbessert wird.<\/p>\n<p><strong>Die Unterst\u00fctzung erfolgt in den Lebensbereichen:<\/strong><\/p>\n<ul>\n<li>Selbstversorgung und Wohnen<\/li>\n<li>Unterst\u00fctzung in der Verbesserung der lebenspraktischen F\u00e4higkeiten<\/li>\n<li>Erhalt der Wohnung und Sicherung der materiellen Existenz<\/li>\n<li>Unterst\u00fctzung bei der Bew\u00e4ltigung der Erkrankung und der Suche nach geeigneten Behandlungseinrichtungen<\/li>\n<li>Krisenintervention und R\u00fcckfallpr\u00e4vention<\/li>\n<li>Sinnvolle Besch\u00e4ftigungs- und Freizeitangebote<\/li>\n<\/ul>\n<p>Voraussetzung f\u00fcr die Zusammenarbeit mit unseren Fachbereichen f\u00fcr Suchtkranke ist der Wunsch ohne Suchtmittel leben zu wollen.<br \/>Die Freiwilligkeit und aktive Mitarbeit ist Basis einer vertrauensvollen Arbeitsbeziehung zur Kosten\u00fcbernahme muss ein Antrag auf Eingliederungshilfe beim Sozialamt des Landkreises Aurich gestellt werden. Bei der Antragstellung bieten wir Unterst\u00fctzung an.<\/p>\n<hr \/>\n<p><span style=\"color: #006699;\"><span style=\"line-height: 1.6em;\">Tagesst\u00e4tte CMA Norden<\/span><\/span><\/p>\n<p><strong>Leitung<\/strong> Elke Valentin-Stargardt<br \/>Rheinstra\u00dfe 13<br \/>26506 Norden<br \/><strong>Telefon<\/strong> 04931 &#8211; 98 34 906<br \/><strong>Fax<\/strong> \u00a0 \u00a0\u00a0\u00a0 04931 &#8211; 98 34 928<\/p>\n<hr \/>\n<p style=\"font-size: 13px;\"><span style=\"color: #006699;\"><span style=\"line-height: 1.6em;\">Ambulante Teilhabeleistung CMA<\/span><\/span><\/p>\n<p style=\"font-size: 13px;\"><strong>Leitung<\/strong> Margret Bu\u00df<br \/>Wasserwerksweg 10<br \/>26603 Aurich<br \/><strong>Telefon<\/strong> 04941 &#8211; 97 48 298<br \/><strong>Fax<\/strong> \u00a0 \u00a0\u00a0\u00a0 04941 &#8211; 18 06 29<\/p>\n<hr \/>\n<h3><span style=\"color: #006699;\">Kontaktformular<\/span><\/h3>\n<p>\u27a8 <a href=\"https:\/\/www.ostfriesische-gesellschaft.de\/?page_id=57\">Hier gehts zum Kontaktformular<\/a>!<\/p>\n\n\n<p><\/p>\n","protected":false},"excerpt":{"rendered":"<p>Die Tagesst\u00e4tte bietet einen festen Wochenablauf mit differenzierten Einzel- und Gruppenangeboten, die die individuellen Bed\u00fcrfnisse der Teilnehmer ber\u00fccksichtigen. Lebenspraktische Hilfen und soziale Rehabilitation f\u00fcr Menschen mit einer chronischen Abh\u00e4ngigkeitserkrankung Die Angebote unserer Tagesst\u00e4tte und der ambulanten Teilhabeleistung richten sich an&#8230; <a class=\"read-more-button\" href=\"https:\/\/www.ostfriesische-gesellschaft.de\/?page_id=14\">Mehr lesen &gt;<\/a><\/p>\n","protected":false},"author":1,"featured_media":0,"parent":0,"menu_order":0,"comment_status":"closed","ping_status":"closed","template":"template-without-comments.php","meta":{"footnotes":""},"_links":{"self":[{"href":"https:\/\/www.ostfriesische-gesellschaft.de\/index.php?rest_route=\/wp\/v2\/pages\/14"}],"collection":[{"href":"https:\/\/www.ostfriesische-gesellschaft.de\/index.php?rest_route=\/wp\/v2\/pages"}],"about":[{"href":"https:\/\/www.ostfriesische-gesellschaft.de\/index.php?rest_route=\/wp\/v2\/types\/page"}],"author":[{"embeddable":true,"href":"https:\/\/www.ostfriesische-gesellschaft.de\/index.php?rest_route=\/wp\/v2\/users\/1"}],"replies":[{"embeddable":true,"href":"https:\/\/www.ostfriesische-gesellschaft.de\/index.php?rest_route=%2Fwp%2Fv2%2Fcomments&post=14"}],"version-history":[{"count":14,"href":"https:\/\/www.ostfriesische-gesellschaft.de\/index.php?rest_route=\/wp\/v2\/pages\/14\/revisions"}],"predecessor-version":[{"id":705,"href":"https:\/\/www.ostfriesische-gesellschaft.de\/index.php?rest_route=\/wp\/v2\/pages\/14\/revisions\/705"}],"wp:attachment":[{"href":"https:\/\/www.ostfriesische-gesellschaft.de\/index.php?rest_route=%2Fwp%2Fv2%2Fmedia&parent=14"}],"curies":[{"name":"wp","href":"https:\/\/api.w.org\/{rel}","templated":true}]}}